{"id":395,"date":"2020-08-22T18:31:26","date_gmt":"2020-08-22T16:31:26","guid":{"rendered":"http:\/\/www.aprz.eu\/refonte\/?page_id=395"},"modified":"2020-11-01T13:21:30","modified_gmt":"2020-11-01T12:21:30","slug":"fiscalite","status":"publish","type":"page","link":"https:\/\/www.aprz.eu\/fr\/fiscalite\/","title":{"rendered":"Fiscalit\u00e9"},"content":{"rendered":"\t\t<div data-elementor-type=\"wp-page\" data-elementor-id=\"395\" class=\"elementor elementor-395\" data-elementor-post-type=\"page\">\n\t\t\t\t\t\t<section class=\"elementor-section elementor-top-section elementor-element elementor-element-6af19225 elementor-section-full_width elementor-section-height-default elementor-section-height-default\" data-id=\"6af19225\" data-element_type=\"section\" data-e-type=\"section\" data-settings=\"{&quot;background_background&quot;:&quot;classic&quot;}\">\n\t\t\t\t\t\t<div class=\"elementor-container elementor-column-gap-default\">\n\t\t\t\t\t<div class=\"elementor-column elementor-col-50 elementor-top-column elementor-element elementor-element-2f884f1\" data-id=\"2f884f1\" data-element_type=\"column\" data-e-type=\"column\">\n\t\t\t<div class=\"elementor-widget-wrap elementor-element-populated\">\n\t\t\t\t\t\t<div class=\"elementor-element elementor-element-4985b6c2 elementor-widget elementor-widget-heading\" data-id=\"4985b6c2\" data-element_type=\"widget\" data-e-type=\"widget\" data-widget_type=\"heading.default\">\n\t\t\t\t<div class=\"elementor-widget-container\">\n\t\t\t\t\t<h1 class=\"elementor-heading-title elementor-size-default\">La <br><b>FISCALIT\u00c9<\/b><\/h1>\t\t\t\t<\/div>\n\t\t\t\t<\/div>\n\t\t\t\t\t<\/div>\n\t\t<\/div>\n\t\t\t\t<div class=\"elementor-column elementor-col-50 elementor-top-column elementor-element elementor-element-12dc735f\" data-id=\"12dc735f\" data-element_type=\"column\" data-e-type=\"column\">\n\t\t\t<div class=\"elementor-widget-wrap elementor-element-populated\">\n\t\t\t\t\t\t<div class=\"elementor-element elementor-element-708df6c6 elementor-widget elementor-widget-text-editor\" data-id=\"708df6c6\" data-element_type=\"widget\" data-e-type=\"widget\" data-widget_type=\"text-editor.default\">\n\t\t\t\t<div class=\"elementor-widget-container\">\n\t\t\t\t\t\t\t\t\t<p>En compl\u00e9ment de nos missions r\u00e9glement\u00e9es en comptabilit\u00e9, nous vous proposons de vous conseiller et de r\u00e9aliser pour vous les obligations fiscales en France. Rappelons que notre cabinet est un cabinet d\u2019expertise comptable, pas un cabinet d\u2019optimisation fiscale. Notre mission est d\u2019accompagner votre d\u00e9veloppement \u00e9conomique sur notre territoire et de le faciliter :<\/p><p>D\u2019une part notre devoir de conseil nous dicte de vous informer si les orientations comptables-fiscales-sociales qui vous seraient plus favorables,<\/p><p>D\u2019autre part notre d\u00e9ontologie nous rappelle de \u00ab<strong>\u00a0respecter et faire respecter la loi\u00a0<\/strong>\u00bb.<\/p>\t\t\t\t\t\t\t\t<\/div>\n\t\t\t\t<\/div>\n\t\t\t\t\t<\/div>\n\t\t<\/div>\n\t\t\t\t\t<\/div>\n\t\t<\/section>\n\t\t\t\t<section class=\"elementor-section elementor-top-section elementor-element elementor-element-689917a8 elementor-section-full_width elementor-section-height-default elementor-section-height-default\" data-id=\"689917a8\" data-element_type=\"section\" data-e-type=\"section\">\n\t\t\t\t\t\t<div class=\"elementor-container elementor-column-gap-default\">\n\t\t\t\t\t<div class=\"elementor-column elementor-col-100 elementor-top-column elementor-element elementor-element-36ab1fea\" data-id=\"36ab1fea\" data-element_type=\"column\" data-e-type=\"column\">\n\t\t\t<div class=\"elementor-widget-wrap elementor-element-populated\">\n\t\t\t\t\t\t<div class=\"elementor-element elementor-element-4d421354 elementor-widget elementor-widget-image\" data-id=\"4d421354\" data-element_type=\"widget\" data-e-type=\"widget\" data-settings=\"{&quot;motion_fx_motion_fx_scrolling&quot;:&quot;yes&quot;,&quot;motion_fx_devices&quot;:[&quot;desktop&quot;,&quot;tablet&quot;,&quot;mobile&quot;]}\" data-widget_type=\"image.default\">\n\t\t\t\t<div class=\"elementor-widget-container\">\n\t\t\t\t\t\t\t\t\t\t\t\t\t\t\t<img fetchpriority=\"high\" decoding=\"async\" width=\"1719\" height=\"790\" src=\"https:\/\/www.aprz.eu\/wp-content\/uploads\/2020\/08\/fiscalite2.jpg\" class=\"attachment-full size-full wp-image-491\" alt=\"fiscalit\u00e9 des entreprises\" srcset=\"https:\/\/www.aprz.eu\/wp-content\/uploads\/2020\/08\/fiscalite2.jpg 1719w, https:\/\/www.aprz.eu\/wp-content\/uploads\/2020\/08\/fiscalite2-300x138.jpg 300w, https:\/\/www.aprz.eu\/wp-content\/uploads\/2020\/08\/fiscalite2-1024x471.jpg 1024w, https:\/\/www.aprz.eu\/wp-content\/uploads\/2020\/08\/fiscalite2-768x353.jpg 768w, https:\/\/www.aprz.eu\/wp-content\/uploads\/2020\/08\/fiscalite2-1536x706.jpg 1536w\" sizes=\"(max-width: 1719px) 100vw, 1719px\" \/>\t\t\t\t\t\t\t\t\t\t\t\t\t\t\t<\/div>\n\t\t\t\t<\/div>\n\t\t\t\t\t<\/div>\n\t\t<\/div>\n\t\t\t\t\t<\/div>\n\t\t<\/section>\n\t\t\t\t<section class=\"elementor-section elementor-top-section elementor-element elementor-element-12c992c7 elementor-section-full_width elementor-section-height-default elementor-section-height-default\" data-id=\"12c992c7\" data-element_type=\"section\" data-e-type=\"section\">\n\t\t\t\t\t\t<div class=\"elementor-container elementor-column-gap-default\">\n\t\t\t\t\t<div class=\"elementor-column elementor-col-50 elementor-top-column elementor-element elementor-element-2d59bdab\" data-id=\"2d59bdab\" data-element_type=\"column\" data-e-type=\"column\">\n\t\t\t<div class=\"elementor-widget-wrap elementor-element-populated\">\n\t\t\t\t\t\t<section class=\"elementor-section elementor-inner-section elementor-element elementor-element-5303bdf elementor-section-height-min-height elementor-section-boxed elementor-section-height-default\" data-id=\"5303bdf\" data-element_type=\"section\" data-e-type=\"section\" data-settings=\"{&quot;motion_fx_motion_fx_scrolling&quot;:&quot;yes&quot;,&quot;motion_fx_translateY_effect&quot;:&quot;yes&quot;,&quot;motion_fx_translateY_direction&quot;:&quot;negative&quot;,&quot;motion_fx_translateY_speed&quot;:{&quot;unit&quot;:&quot;px&quot;,&quot;size&quot;:&quot;1&quot;,&quot;sizes&quot;:[]},&quot;motion_fx_devices&quot;:[&quot;desktop&quot;],&quot;motion_fx_translateY_affectedRange&quot;:{&quot;unit&quot;:&quot;%&quot;,&quot;size&quot;:&quot;&quot;,&quot;sizes&quot;:{&quot;start&quot;:0,&quot;end&quot;:100}}}\">\n\t\t\t\t\t\t<div class=\"elementor-container elementor-column-gap-default\">\n\t\t\t\t\t<div class=\"elementor-column elementor-col-100 elementor-inner-column elementor-element elementor-element-4441e539\" data-id=\"4441e539\" data-element_type=\"column\" data-e-type=\"column\">\n\t\t\t<div class=\"elementor-widget-wrap elementor-element-populated\">\n\t\t\t\t\t\t<div class=\"elementor-element elementor-element-752d42a3 elementor-widget elementor-widget-heading\" data-id=\"752d42a3\" data-element_type=\"widget\" data-e-type=\"widget\" data-widget_type=\"heading.default\">\n\t\t\t\t<div class=\"elementor-widget-container\">\n\t\t\t\t\t<h2 class=\"elementor-heading-title elementor-size-default\">Quels sont les imp\u00f4ts \u00e0 payer \n<br><b>en France ?<\/b><\/h2>\t\t\t\t<\/div>\n\t\t\t\t<\/div>\n\t\t\t\t<div class=\"elementor-element elementor-element-7057353f elementor-widget elementor-widget-text-editor\" data-id=\"7057353f\" data-element_type=\"widget\" data-e-type=\"widget\" data-widget_type=\"text-editor.default\">\n\t\t\t\t<div class=\"elementor-widget-container\">\n\t\t\t\t\t\t\t\t\t<p>En rythme de croisi\u00e8re, \u00e0 partir de la deuxi\u00e8me ou troisi\u00e8me ann\u00e9e, nous g\u00e9rons pour vous jusqu\u2019\u00e0 50 d\u00e9clarations fiscales par an, pour moiti\u00e9 d\u00e9clarations statistiques mais obligatoires (d\u00e9clarations douani\u00e8res, liasse fiscale annuelle, d\u00e9claration des honoraires vers\u00e9s \u2026) et pour moiti\u00e9 d\u00e9clarations pour imp\u00f4ts et taxes \u00e0 payer.<\/p>\t\t\t\t\t\t\t\t<\/div>\n\t\t\t\t<\/div>\n\t\t\t\t\t<\/div>\n\t\t<\/div>\n\t\t\t\t\t<\/div>\n\t\t<\/section>\n\t\t\t\t\t<\/div>\n\t\t<\/div>\n\t\t\t\t<div class=\"elementor-column elementor-col-50 elementor-top-column elementor-element elementor-element-17edd93a\" data-id=\"17edd93a\" data-element_type=\"column\" data-e-type=\"column\">\n\t\t\t<div class=\"elementor-widget-wrap elementor-element-populated\">\n\t\t\t\t\t\t<div class=\"elementor-element elementor-element-442efa27 elementor-widget elementor-widget-image\" data-id=\"442efa27\" data-element_type=\"widget\" data-e-type=\"widget\" data-widget_type=\"image.default\">\n\t\t\t\t<div class=\"elementor-widget-container\">\n\t\t\t\t\t\t\t\t\t\t\t\t\t\t\t<img decoding=\"async\" width=\"779\" height=\"830\" src=\"https:\/\/www.aprz.eu\/wp-content\/uploads\/2020\/08\/calculette.jpg\" class=\"attachment-full size-full wp-image-453\" alt=\"fiscalit\u00e9 des entreprises\" srcset=\"https:\/\/www.aprz.eu\/wp-content\/uploads\/2020\/08\/calculette.jpg 779w, https:\/\/www.aprz.eu\/wp-content\/uploads\/2020\/08\/calculette-282x300.jpg 282w, https:\/\/www.aprz.eu\/wp-content\/uploads\/2020\/08\/calculette-768x818.jpg 768w\" sizes=\"(max-width: 779px) 100vw, 779px\" \/>\t\t\t\t\t\t\t\t\t\t\t\t\t\t\t<\/div>\n\t\t\t\t<\/div>\n\t\t\t\t\t<\/div>\n\t\t<\/div>\n\t\t\t\t\t<\/div>\n\t\t<\/section>\n\t\t\t\t<section class=\"elementor-section elementor-top-section elementor-element elementor-element-14717a5 elementor-section-full_width elementor-section-content-top elementor-section-height-default elementor-section-height-default\" data-id=\"14717a5\" data-element_type=\"section\" data-e-type=\"section\">\n\t\t\t\t\t\t<div class=\"elementor-container elementor-column-gap-default\">\n\t\t\t\t\t<div class=\"elementor-column elementor-col-50 elementor-top-column elementor-element elementor-element-4b2886b\" data-id=\"4b2886b\" data-element_type=\"column\" data-e-type=\"column\">\n\t\t\t<div class=\"elementor-widget-wrap elementor-element-populated\">\n\t\t\t\t\t\t<div class=\"elementor-element elementor-element-8f2057f elementor-widget elementor-widget-heading\" data-id=\"8f2057f\" data-element_type=\"widget\" data-e-type=\"widget\" data-widget_type=\"heading.default\">\n\t\t\t\t<div class=\"elementor-widget-container\">\n\t\t\t\t\t<h2 class=\"elementor-heading-title elementor-size-default\">Quel est le taux de l\u2019imp\u00f4t  \n<br><b>sur les soci\u00e9t\u00e9s ?<\/b><\/h2>\t\t\t\t<\/div>\n\t\t\t\t<\/div>\n\t\t\t\t<div class=\"elementor-element elementor-element-2b97ddd elementor-widget elementor-widget-text-editor\" data-id=\"2b97ddd\" data-element_type=\"widget\" data-e-type=\"widget\" data-widget_type=\"text-editor.default\">\n\t\t\t\t<div class=\"elementor-widget-container\">\n\t\t\t\t\t\t\t\t\t<p>Le portefeuille des clients que nous accompagnons est compos\u00e9 de structures au chiffre d\u2019affaires inf\u00e9rieur \u00e0 huit millions d\u2019euros sur notre territoire, et pour lesquels le taux d\u2019imp\u00f4t (en 2020) sera de\u00a0:<\/p><ul><li>15% jusqu\u2019\u00e0 38 K euros de r\u00e9sultat avant imp\u00f4t<\/li><li>28% au-del\u00e0<\/li><\/ul><p>La condition pour b\u00e9n\u00e9ficier de ces taux est de faire poss\u00e9der plus de 75% du capital social par des personnes physiques, au niveau de la structure fran\u00e7aise ou m\u00eame au niveau d\u2019une structure dans le monde poss\u00e9dant la structure fran\u00e7aise.<\/p><p>Si cette condition n\u2019est pas remplie ou si l\u2019entit\u00e9 en France n\u2019est pas filiale mais succursale, les taux deviennent\u00a0:<\/p><ul><li>28% jusqu\u2019\u00e0 500 K euros de r\u00e9sultat avant imp\u00f4t<\/li><li>31% au-del\u00e0<\/li><\/ul><p>L\u2019imp\u00f4t sur les soci\u00e9t\u00e9s est \u00e0 payer par quatre acomptes trimestriels plus un solde.<\/p>\t\t\t\t\t\t\t\t<\/div>\n\t\t\t\t<\/div>\n\t\t\t\t\t<\/div>\n\t\t<\/div>\n\t\t\t\t<div class=\"elementor-column elementor-col-50 elementor-top-column elementor-element elementor-element-2294ef3\" data-id=\"2294ef3\" data-element_type=\"column\" data-e-type=\"column\">\n\t\t\t<div class=\"elementor-widget-wrap elementor-element-populated\">\n\t\t\t\t\t\t<div class=\"elementor-element elementor-element-60e8c61 elementor-widget elementor-widget-heading\" data-id=\"60e8c61\" data-element_type=\"widget\" data-e-type=\"widget\" data-widget_type=\"heading.default\">\n\t\t\t\t<div class=\"elementor-widget-container\">\n\t\t\t\t\t<h2 class=\"elementor-heading-title elementor-size-default\">Quel est le taux de la TVA \n<br><b>en France ?<\/b><\/h2>\t\t\t\t<\/div>\n\t\t\t\t<\/div>\n\t\t\t\t<div class=\"elementor-element elementor-element-5f59b23 elementor-widget elementor-widget-text-editor\" data-id=\"5f59b23\" data-element_type=\"widget\" data-e-type=\"widget\" data-widget_type=\"text-editor.default\">\n\t\t\t\t<div class=\"elementor-widget-container\">\n\t\t\t\t\t\t\t\t\t<p>Rappelons que la France \u00e9tant membre de l\u2019UE Union Europ\u00e9enne, les r\u00e8gles europ\u00e9ennes de TVA s\u2019appliquent pour les livraisons de biens, prestations de services, op\u00e9rations internationales et exceptions sur certains produits ou services.<\/p><p>Le taux normal est de 20% en France. Des taux r\u00e9duits existent sur certains produits, prestations, destinations\u00a0: 10%, 5,5%, 2,1%, \u2026<\/p><p>En rythme normal la TVA se paie mensuellement (mais il est possible payer trimestriellement ou annuellement si certains seuils ne sont pas atteints).<\/p>\t\t\t\t\t\t\t\t<\/div>\n\t\t\t\t<\/div>\n\t\t\t\t\t<\/div>\n\t\t<\/div>\n\t\t\t\t\t<\/div>\n\t\t<\/section>\n\t\t\t\t<section class=\"elementor-section elementor-top-section elementor-element elementor-element-c50ee22 elementor-section-full_width elementor-section-content-top elementor-section-height-default elementor-section-height-default\" data-id=\"c50ee22\" data-element_type=\"section\" data-e-type=\"section\">\n\t\t\t\t\t\t<div class=\"elementor-container elementor-column-gap-default\">\n\t\t\t\t\t<div class=\"elementor-column elementor-col-33 elementor-top-column elementor-element elementor-element-47a15bd\" data-id=\"47a15bd\" data-element_type=\"column\" data-e-type=\"column\">\n\t\t\t<div class=\"elementor-widget-wrap elementor-element-populated\">\n\t\t\t\t\t\t<div class=\"elementor-element elementor-element-97e060c elementor-widget elementor-widget-heading\" data-id=\"97e060c\" data-element_type=\"widget\" data-e-type=\"widget\" data-widget_type=\"heading.default\">\n\t\t\t\t<div class=\"elementor-widget-container\">\n\t\t\t\t\t<h2 class=\"elementor-heading-title elementor-size-default\">Qu\u2019est-ce que la Taxe Professionnelle \n<br><b>(appel\u00e9e CET) ? <\/b><\/h2>\t\t\t\t<\/div>\n\t\t\t\t<\/div>\n\t\t\t\t<div class=\"elementor-element elementor-element-4066f32 elementor-widget elementor-widget-text-editor\" data-id=\"4066f32\" data-element_type=\"widget\" data-e-type=\"widget\" data-widget_type=\"text-editor.default\">\n\t\t\t\t<div class=\"elementor-widget-container\">\n\t\t\t\t\t\t\t\t\t<p>La CET est un droit d\u2019avoir une activit\u00e9 \u00e9conomique, calcul\u00e9 pour partie sur une valeur fonci\u00e8re (taxe CFE) et pour partie sur la valeur ajout\u00e9e produite (taxe CVAE). Une taxe professionnelle minimum est d\u00e9cid\u00e9e selon les communes d\u2019implantation et s\u2019\u00e9l\u00e8ve en g\u00e9n\u00e9ral \u00e0 400 euros.<\/p><p>La CET est \u00e9galement \u00e0 payer par 3 acomptes puis des soldes.<\/p>\t\t\t\t\t\t\t\t<\/div>\n\t\t\t\t<\/div>\n\t\t\t\t\t<\/div>\n\t\t<\/div>\n\t\t\t\t<div class=\"elementor-column elementor-col-33 elementor-top-column elementor-element elementor-element-7fdf7e3\" data-id=\"7fdf7e3\" data-element_type=\"column\" data-e-type=\"column\">\n\t\t\t<div class=\"elementor-widget-wrap elementor-element-populated\">\n\t\t\t\t\t\t<div class=\"elementor-element elementor-element-5a676f1 elementor-widget elementor-widget-heading\" data-id=\"5a676f1\" data-element_type=\"widget\" data-e-type=\"widget\" data-widget_type=\"heading.default\">\n\t\t\t\t<div class=\"elementor-widget-container\">\n\t\t\t\t\t<h2 class=\"elementor-heading-title elementor-size-default\">Quelles sont les obligations en termes de  \n<br><b>d\u00e9clarations douani\u00e8res ?<\/b><\/h2>\t\t\t\t<\/div>\n\t\t\t\t<\/div>\n\t\t\t\t<div class=\"elementor-element elementor-element-83e94b4 elementor-widget elementor-widget-text-editor\" data-id=\"83e94b4\" data-element_type=\"widget\" data-e-type=\"widget\" data-widget_type=\"text-editor.default\">\n\t\t\t\t<div class=\"elementor-widget-container\">\n\t\t\t\t\t\t\t\t\t<p>Sauf pour certaines comptabilit\u00e9 mati\u00e8res, les d\u00e9clarations douani\u00e8res (Intrastat) sont simplement statistiques, mais obligatoires, tous les mois m\u00eame \u00e0 n\u00e9ant.<\/p>\t\t\t\t\t\t\t\t<\/div>\n\t\t\t\t<\/div>\n\t\t\t\t\t<\/div>\n\t\t<\/div>\n\t\t\t\t<div class=\"elementor-column elementor-col-33 elementor-top-column elementor-element elementor-element-1b60a59\" data-id=\"1b60a59\" data-element_type=\"column\" data-e-type=\"column\">\n\t\t\t<div class=\"elementor-widget-wrap elementor-element-populated\">\n\t\t\t\t\t\t<div class=\"elementor-element elementor-element-d8ea9d0 elementor-widget elementor-widget-heading\" data-id=\"d8ea9d0\" data-element_type=\"widget\" data-e-type=\"widget\" data-widget_type=\"heading.default\">\n\t\t\t\t<div class=\"elementor-widget-container\">\n\t\t\t\t\t<h2 class=\"elementor-heading-title elementor-size-default\">Quels sont les possibilit\u00e9s de prix de transferts admises \n<br><b>en France ?<\/b><\/h2>\t\t\t\t<\/div>\n\t\t\t\t<\/div>\n\t\t\t\t<div class=\"elementor-element elementor-element-cd1cea1 elementor-widget elementor-widget-text-editor\" data-id=\"cd1cea1\" data-element_type=\"widget\" data-e-type=\"widget\" data-widget_type=\"text-editor.default\">\n\t\t\t\t<div class=\"elementor-widget-container\">\n\t\t\t\t\t\t\t\t\t<p>Les 5 m\u00e9thodes OCDE sont accept\u00e9es en France\u00a0:<\/p><p>La m\u00e9thode pr\u00e9f\u00e9rentielle des Imp\u00f4ts est celle du <em>Prix Comparable<\/em> (Prix auquel la filiale fran\u00e7aise ach\u00e8terait aupr\u00e8s d\u2019un fournisseur tiers, ou prix auquel la m\u00e8re\/s\u0153ur vendrait \u00e0 un tiers)\u00a0;<\/p><p>La m\u00e9thode du <em>Prix de Revente<\/em> consiste elle \u00e0 laisser \u00e0 la filiale fran\u00e7aise une marge sur revente au client final, comparable aux marges pratiqu\u00e9es en cas de pleine concurrence\u00a0;<\/p><p>La m\u00e9thode du <em>Prix de Revient Major\u00e9<\/em> (cost+) permet de refacturer \u00e0 la m\u00e8re l\u2019ensemble des frais op\u00e9rationnels de la filiale fran\u00e7aise, fois un coefficient\u00a0;<\/p><p>La m\u00e9thode du <em>Partage des B\u00e9n\u00e9fices<\/em> suppose un partage de la marge globale (prix de vente client final hors groupe, moins cout de revient des produits \u00e0 la source), en cas d\u2019op\u00e9rations en commun au sein du Groupe et indissociables\u00a0;<\/p><p>La m\u00e9thode de la<em> Marge Nette<\/em>, une des plus utilis\u00e9es en France, suppose que les soci\u00e9t\u00e9s du Groupe facturent la France de telle mani\u00e8re que cette derni\u00e8re puisse avoir un r\u00e9sultat op\u00e9rationnel comparable \u00e0 un distributeur concurrent.<\/p>\t\t\t\t\t\t\t\t<\/div>\n\t\t\t\t<\/div>\n\t\t\t\t\t<\/div>\n\t\t<\/div>\n\t\t\t\t\t<\/div>\n\t\t<\/section>\n\t\t\t\t<section class=\"elementor-section elementor-top-section elementor-element elementor-element-4453917 elementor-section-full_width elementor-section-height-default elementor-section-height-default\" data-id=\"4453917\" data-element_type=\"section\" data-e-type=\"section\">\n\t\t\t\t\t\t<div class=\"elementor-container elementor-column-gap-default\">\n\t\t\t\t\t<div class=\"elementor-column elementor-col-50 elementor-top-column elementor-element elementor-element-2be50406\" data-id=\"2be50406\" data-element_type=\"column\" data-e-type=\"column\">\n\t\t\t<div class=\"elementor-widget-wrap elementor-element-populated\">\n\t\t\t\t\t\t<div class=\"elementor-element elementor-element-bd7e928 elementor-widget elementor-widget-image\" data-id=\"bd7e928\" data-element_type=\"widget\" data-e-type=\"widget\" data-widget_type=\"image.default\">\n\t\t\t\t<div class=\"elementor-widget-container\">\n\t\t\t\t\t\t\t\t\t\t\t\t\t\t\t<img decoding=\"async\" width=\"800\" height=\"779\" src=\"https:\/\/www.aprz.eu\/wp-content\/uploads\/2020\/08\/team-1.jpg\" class=\"attachment-full size-full wp-image-470\" alt=\"Rapha\u00ebl Provenzano fiscalit\u00e9 des entreprises\" srcset=\"https:\/\/www.aprz.eu\/wp-content\/uploads\/2020\/08\/team-1.jpg 800w, https:\/\/www.aprz.eu\/wp-content\/uploads\/2020\/08\/team-1-300x292.jpg 300w, https:\/\/www.aprz.eu\/wp-content\/uploads\/2020\/08\/team-1-768x748.jpg 768w\" sizes=\"(max-width: 800px) 100vw, 800px\" \/>\t\t\t\t\t\t\t\t\t\t\t\t\t\t\t<\/div>\n\t\t\t\t<\/div>\n\t\t\t\t<div class=\"elementor-element elementor-element-365ac0a elementor-widget__width-auto elementor-widget elementor-widget-heading\" data-id=\"365ac0a\" data-element_type=\"widget\" data-e-type=\"widget\" data-widget_type=\"heading.default\">\n\t\t\t\t<div class=\"elementor-widget-container\">\n\t\t\t\t\t<h2 class=\"elementor-heading-title elementor-size-default\">Raphael Provenzano\n<\/h2>\t\t\t\t<\/div>\n\t\t\t\t<\/div>\n\t\t\t\t\t<\/div>\n\t\t<\/div>\n\t\t\t\t<div class=\"elementor-column elementor-col-50 elementor-top-column elementor-element elementor-element-33821ae0\" data-id=\"33821ae0\" data-element_type=\"column\" data-e-type=\"column\">\n\t\t\t<div class=\"elementor-widget-wrap elementor-element-populated\">\n\t\t\t\t\t\t<section class=\"elementor-section elementor-inner-section elementor-element elementor-element-5a38de6b elementor-section-height-min-height elementor-section-boxed elementor-section-height-default\" data-id=\"5a38de6b\" data-element_type=\"section\" data-e-type=\"section\">\n\t\t\t\t\t\t<div class=\"elementor-container elementor-column-gap-default\">\n\t\t\t\t\t<div class=\"elementor-column elementor-col-100 elementor-inner-column elementor-element elementor-element-1953a6f1\" data-id=\"1953a6f1\" data-element_type=\"column\" data-e-type=\"column\" data-settings=\"{&quot;motion_fx_motion_fx_scrolling&quot;:&quot;yes&quot;,&quot;motion_fx_translateX_effect&quot;:&quot;yes&quot;,&quot;motion_fx_translateX_speed&quot;:{&quot;unit&quot;:&quot;px&quot;,&quot;size&quot;:&quot;1&quot;,&quot;sizes&quot;:[]},&quot;motion_fx_translateX_affectedRange&quot;:{&quot;unit&quot;:&quot;%&quot;,&quot;size&quot;:&quot;&quot;,&quot;sizes&quot;:{&quot;start&quot;:&quot;0&quot;,&quot;end&quot;:&quot;50&quot;}},&quot;motion_fx_devices&quot;:[&quot;desktop&quot;]}\">\n\t\t\t<div class=\"elementor-widget-wrap elementor-element-populated\">\n\t\t\t\t\t\t<div class=\"elementor-element elementor-element-571ff0bf elementor-widget elementor-widget-heading\" data-id=\"571ff0bf\" data-element_type=\"widget\" data-e-type=\"widget\" data-widget_type=\"heading.default\">\n\t\t\t\t<div class=\"elementor-widget-container\">\n\t\t\t\t\t<p class=\"elementor-heading-title elementor-size-default\">\"<\/p>\t\t\t\t<\/div>\n\t\t\t\t<\/div>\n\t\t\t\t<div class=\"elementor-element elementor-element-165b2200 elementor-widget elementor-widget-heading\" data-id=\"165b2200\" data-element_type=\"widget\" data-e-type=\"widget\" data-widget_type=\"heading.default\">\n\t\t\t\t<div class=\"elementor-widget-container\">\n\t\t\t\t\t<h3 class=\"elementor-heading-title elementor-size-default\">Expert-comptable \/\/ Commissaire au comptes<\/h3>\t\t\t\t<\/div>\n\t\t\t\t<\/div>\n\t\t\t\t<div class=\"elementor-element elementor-element-69aae7a5 elementor-widget elementor-widget-text-editor\" data-id=\"69aae7a5\" data-element_type=\"widget\" data-e-type=\"widget\" data-widget_type=\"text-editor.default\">\n\t\t\t\t<div class=\"elementor-widget-container\">\n\t\t\t\t\t\t\t\t\t<p class=\"p1\"><span class=\"s1\">Raphael<\/span><strong><span class=\"s2\"> provenzano<\/span><\/strong><\/p>\t\t\t\t\t\t\t\t<\/div>\n\t\t\t\t<\/div>\n\t\t\t\t<div class=\"elementor-element elementor-element-20a5a781 elementor-widget elementor-widget-text-editor\" data-id=\"20a5a781\" data-element_type=\"widget\" data-e-type=\"widget\" data-widget_type=\"text-editor.default\">\n\t\t\t\t<div class=\"elementor-widget-container\">\n\t\t\t\t\t\t\t\t\t<p>Raphael est notre directeur, il est en charge des soci\u00e9t\u00e9s \u00e9trang\u00e8res sur le sol fran\u00e7ais.<\/p>\t\t\t\t\t\t\t\t<\/div>\n\t\t\t\t<\/div>\n\t\t\t\t\t<\/div>\n\t\t<\/div>\n\t\t\t\t\t<\/div>\n\t\t<\/section>\n\t\t\t\t\t<\/div>\n\t\t<\/div>\n\t\t\t\t\t<\/div>\n\t\t<\/section>\n\t\t\t\t<\/div>\n\t\t","protected":false},"excerpt":{"rendered":"<p>La FISCALIT\u00c9 En compl\u00e9ment de nos missions r\u00e9glement\u00e9es en comptabilit\u00e9, nous vous proposons de vous conseiller et de r\u00e9aliser pour vous les obligations fiscales en France. Rappelons que notre cabinet est un cabinet d\u2019expertise comptable, pas un cabinet d\u2019optimisation fiscale. Notre mission est d\u2019accompagner votre d\u00e9veloppement \u00e9conomique sur notre territoire et de le faciliter : [&hellip;]<\/p>\n","protected":false},"author":1,"featured_media":0,"parent":0,"menu_order":0,"comment_status":"closed","ping_status":"closed","template":"elementor_header_footer","meta":{"footnotes":""},"class_list":["post-395","page","type-page","status-publish","hentry"],"_links":{"self":[{"href":"https:\/\/www.aprz.eu\/fr\/wp-json\/wp\/v2\/pages\/395","targetHints":{"allow":["GET"]}}],"collection":[{"href":"https:\/\/www.aprz.eu\/fr\/wp-json\/wp\/v2\/pages"}],"about":[{"href":"https:\/\/www.aprz.eu\/fr\/wp-json\/wp\/v2\/types\/page"}],"author":[{"embeddable":true,"href":"https:\/\/www.aprz.eu\/fr\/wp-json\/wp\/v2\/users\/1"}],"replies":[{"embeddable":true,"href":"https:\/\/www.aprz.eu\/fr\/wp-json\/wp\/v2\/comments?post=395"}],"version-history":[{"count":35,"href":"https:\/\/www.aprz.eu\/fr\/wp-json\/wp\/v2\/pages\/395\/revisions"}],"predecessor-version":[{"id":1777,"href":"https:\/\/www.aprz.eu\/fr\/wp-json\/wp\/v2\/pages\/395\/revisions\/1777"}],"wp:attachment":[{"href":"https:\/\/www.aprz.eu\/fr\/wp-json\/wp\/v2\/media?parent=395"}],"curies":[{"name":"wp","href":"https:\/\/api.w.org\/{rel}","templated":true}]}}